{"id":564,"date":"2024-07-23T09:45:47","date_gmt":"2024-07-23T07:45:47","guid":{"rendered":"https:\/\/guiamb.com\/quienes-somos\/"},"modified":"2024-10-29T17:09:28","modified_gmt":"2024-10-29T16:09:28","slug":"qui-som","status":"publish","type":"page","link":"https:\/\/guiamb.com\/ca\/qui-som\/","title":{"rendered":"Qui som"},"content":{"rendered":"\t\t<div data-elementor-type=\"wp-page\" data-elementor-id=\"564\" class=\"elementor elementor-564 elementor-88\" data-elementor-post-type=\"page\">\n\t\t\t\t<div class=\"elementor-element elementor-element-b6eb8fe e-flex e-con-boxed e-con e-parent\" data-id=\"b6eb8fe\" data-element_type=\"container\">\n\t\t\t\t\t<div class=\"e-con-inner\">\n\t\t\t\t<div class=\"elementor-element elementor-element-1bbeb01 elementor-widget elementor-widget-heading\" data-id=\"1bbeb01\" data-element_type=\"widget\" data-widget_type=\"heading.default\">\n\t\t\t\t<div class=\"elementor-widget-container\">\n\t\t\t\t\t<h2 class=\"elementor-heading-title elementor-size-default\">Qu\u00e8 \u00e9s GUIA'MB?<\/h2>\t\t\t\t<\/div>\n\t\t\t\t<\/div>\n\t\t\t\t<div class=\"elementor-element elementor-element-2722362 elementor-widget-divider--view-line elementor-widget elementor-widget-divider\" data-id=\"2722362\" data-element_type=\"widget\" data-widget_type=\"divider.default\">\n\t\t\t\t<div class=\"elementor-widget-container\">\n\t\t\t\t\t\t\t<div class=\"elementor-divider\">\n\t\t\t<span class=\"elementor-divider-separator\">\n\t\t\t\t\t\t<\/span>\n\t\t<\/div>\n\t\t\t\t\t\t<\/div>\n\t\t\t\t<\/div>\n\t\t\t\t\t<\/div>\n\t\t\t\t<\/div>\n\t\t<div class=\"elementor-element elementor-element-708075f e-flex e-con-boxed e-con e-parent\" data-id=\"708075f\" data-element_type=\"container\">\n\t\t\t\t\t<div class=\"e-con-inner\">\n\t\t\t\t<div class=\"elementor-element elementor-element-c4b3648 elementor-widget__width-initial elementor-widget elementor-widget-text-editor\" data-id=\"c4b3648\" data-element_type=\"widget\" data-widget_type=\"text-editor.default\">\n\t\t\t\t<div class=\"elementor-widget-container\">\n\t\t\t\t\t\t\t\t\t<p>La G representa la nostra marca, Guia\u2019MB en el seu conjunt.<br \/>Som una empresa creada en 2024 l\u2019objectiu principal de la qual \u00e9s oferir serveisprofessionals de gesti\u00f3 cultural.<\/p>\t\t\t\t\t\t\t\t<\/div>\n\t\t\t\t<\/div>\n\t\t\t\t<div class=\"elementor-element elementor-element-955f7fa elementor-widget elementor-widget-image\" data-id=\"955f7fa\" data-element_type=\"widget\" data-widget_type=\"image.default\">\n\t\t\t\t<div class=\"elementor-widget-container\">\n\t\t\t\t\t\t\t\t\t\t\t\t\t\t\t<img fetchpriority=\"high\" decoding=\"async\" width=\"615\" height=\"255\" src=\"https:\/\/guiamb.com\/wp-content\/uploads\/2024\/07\/somos-G.png\" class=\"attachment-full size-full wp-image-219\" alt=\"\" srcset=\"https:\/\/guiamb.com\/wp-content\/uploads\/2024\/07\/somos-G.png 615w, https:\/\/guiamb.com\/wp-content\/uploads\/2024\/07\/somos-G-300x124.png 300w\" sizes=\"(max-width: 615px) 100vw, 615px\" \/>\t\t\t\t\t\t\t\t\t\t\t\t\t\t\t<\/div>\n\t\t\t\t<\/div>\n\t\t\t\t\t<\/div>\n\t\t\t\t<\/div>\n\t\t<div class=\"elementor-element elementor-element-27258e8 e-flex e-con-boxed e-con e-parent\" data-id=\"27258e8\" data-element_type=\"container\">\n\t\t\t\t\t<div class=\"e-con-inner\">\n\t\t<div class=\"elementor-element elementor-element-be1acc7 e-con-full e-flex e-con e-child\" data-id=\"be1acc7\" data-element_type=\"container\">\n\t\t\t\t<div class=\"elementor-element elementor-element-023e60c elementor-invisible elementor-widget elementor-widget-image\" data-id=\"023e60c\" data-element_type=\"widget\" data-settings=\"{&quot;_animation&quot;:&quot;fadeInLeft&quot;}\" data-widget_type=\"image.default\">\n\t\t\t\t<div class=\"elementor-widget-container\">\n\t\t\t\t\t\t\t\t\t\t\t\t\t\t\t<img decoding=\"async\" width=\"1092\" height=\"930\" src=\"https:\/\/guiamb.com\/wp-content\/uploads\/2024\/07\/somos-M-manuel.jpg\" class=\"attachment-full size-full wp-image-230\" alt=\"\" srcset=\"https:\/\/guiamb.com\/wp-content\/uploads\/2024\/07\/somos-M-manuel.jpg 1092w, https:\/\/guiamb.com\/wp-content\/uploads\/2024\/07\/somos-M-manuel-300x255.jpg 300w, https:\/\/guiamb.com\/wp-content\/uploads\/2024\/07\/somos-M-manuel-1024x872.jpg 1024w, https:\/\/guiamb.com\/wp-content\/uploads\/2024\/07\/somos-M-manuel-768x654.jpg 768w\" sizes=\"(max-width: 1092px) 100vw, 1092px\" \/>\t\t\t\t\t\t\t\t\t\t\t\t\t\t\t<\/div>\n\t\t\t\t<\/div>\n\t\t\t\t<\/div>\n\t\t<div class=\"elementor-element elementor-element-725f6dd e-con-full e-flex e-con e-child\" data-id=\"725f6dd\" data-element_type=\"container\">\n\t\t\t\t<div class=\"elementor-element elementor-element-da29cb7 elementor-widget elementor-widget-heading\" data-id=\"da29cb7\" data-element_type=\"widget\" data-widget_type=\"heading.default\">\n\t\t\t\t<div class=\"elementor-widget-container\">\n\t\t\t\t\t<h2 class=\"elementor-heading-title elementor-size-default\">Qu\u00e8 \u00e9s la M?<\/h2>\t\t\t\t<\/div>\n\t\t\t\t<\/div>\n\t\t\t\t<div class=\"elementor-element elementor-element-f0b6da9 elementor-widget elementor-widget-text-editor\" data-id=\"f0b6da9\" data-element_type=\"widget\" data-widget_type=\"text-editor.default\">\n\t\t\t\t<div class=\"elementor-widget-container\">\n\t\t\t\t\t\t\t\t\t<p>Manuel \u00e9s titulat en Musicologia i especialista en Gesti\u00f3 Cultural. Completa el<br \/>M\u00e0ster en Gesti\u00f3 i Lideratge de Projectes Culturals (2021) a la Universitat Rey Juan Carlos de Madrid. El seu camp de treball es troba centrat en el moviment associatiu valenci\u00e0, ja que ocupa c\u00e0rrecs directius en la Societat Musical Ateneo Musical Maestro Gilabert des de fa m\u00e9s de 6 anys.<\/p><p>Ha exercit com a professor de guitarra en diferents acad\u00e8mies (Escuela de M\u00fasica Maestro Alcolea de Aspe, Uni\u00f3n Musical la Art\u00edstica de Novelda i Sociedad Musical La Lira de Monforte del Cid). Tamb\u00e9 ha desenvolupat el seu treball com a administratiu en associacions culturals (Asociaci\u00f3n Musical Virgen del Remedio de Petrer). Ha treballat amb diversos artistes i professionals dins del sector cultural amb tasques de programaci\u00f3, gesti\u00f3 de subvencions i m\u00e0rqueting; entre altres funcions.<\/p><p>Creu fermament en la capacitat del sector cultural per a afrontar els reptes del segle XXI a trav\u00e9s d\u2019una gesti\u00f3 honesta i adaptable siga quina siga la grand\u00e0ria dels projectes en els quals treballe. El comprom\u00eds, la dedicaci\u00f3 i l\u2019atenci\u00f3 al detall s\u00f3n les seues senyes d\u2019identitat.<\/p>\t\t\t\t\t\t\t\t<\/div>\n\t\t\t\t<\/div>\n\t\t\t\t<\/div>\n\t\t\t\t\t<\/div>\n\t\t\t\t<\/div>\n\t\t<div class=\"elementor-element elementor-element-7fba0a8 e-flex e-con-boxed e-con e-parent\" data-id=\"7fba0a8\" data-element_type=\"container\">\n\t\t\t\t\t<div class=\"e-con-inner\">\n\t\t<div class=\"elementor-element elementor-element-7d27211 e-con-full e-flex e-con e-child\" data-id=\"7d27211\" data-element_type=\"container\">\n\t\t\t\t<div class=\"elementor-element elementor-element-84e8e21 elementor-widget elementor-widget-heading\" data-id=\"84e8e21\" data-element_type=\"widget\" data-widget_type=\"heading.default\">\n\t\t\t\t<div class=\"elementor-widget-container\">\n\t\t\t\t\t<h2 class=\"elementor-heading-title elementor-size-default\">Qu\u00e8 \u00e9s la B?<\/h2>\t\t\t\t<\/div>\n\t\t\t\t<\/div>\n\t\t\t\t<div class=\"elementor-element elementor-element-72ef5f1 elementor-widget elementor-widget-text-editor\" data-id=\"72ef5f1\" data-element_type=\"widget\" data-widget_type=\"text-editor.default\">\n\t\t\t\t<div class=\"elementor-widget-container\">\n\t\t\t\t\t\t\t\t\t<p>Beatriu Llibertat \u00e9s titulada en Interpretaci\u00f3 de Flauta Travessera i professional de la Gesti\u00f3 Cultural. S\u2019especialitza en did\u00e0ctica i gesti\u00f3 a partir dels m\u00e0sters del Professorat de Secund\u00e0ria (2020) i de Gesti\u00f3 Cultural (2020). Competent en l\u2019assoliment d\u2019objectius de desenvolupament sostenible i l\u2019organitzaci\u00f3 d\u2019esdeveniments culturals.<\/p><p>Ha exercit com a professora de flauta travessera en diversos conservatoris (Moncada i Ontinyent) i acad\u00e8mies (l\u2019Om de Picassent, Canet de Berenguer) i com a professora de secund\u00e0ria en l\u2019especialitat de m\u00fasica. En l\u2019\u00e0mbit de la gesti\u00f3 cultural, ha treballat amb diverses agrupacions de m\u00fasica, dansa i teatre, realitzant tasques de comunicaci\u00f3 i coordinaci\u00f3 de producci\u00f3.<\/p><p>Parla tres idiomes diferents des dels primers anys (valenci\u00e0, castell\u00e0 i angl\u00e9s). A\u00e7\u00f2 li ha ajudat a entendre diferents cultures i a veure la riquesa en la varietat. Captivada pels nous reptes i l\u2019aprenentatge derivat d\u2019aquests, s\u2019esfor\u00e7a per comprendre les necessitats de cada p\u00fablic i buscar cada vegada m\u00e9s empatia i ensenyaments significatius a trav\u00e9s dels projectes art\u00edstics.<\/p>\t\t\t\t\t\t\t\t<\/div>\n\t\t\t\t<\/div>\n\t\t\t\t<\/div>\n\t\t<div class=\"elementor-element elementor-element-07be93f e-con-full e-flex e-con e-child\" data-id=\"07be93f\" data-element_type=\"container\">\n\t\t\t\t<div class=\"elementor-element elementor-element-f285bf1 elementor-invisible elementor-widget elementor-widget-image\" data-id=\"f285bf1\" data-element_type=\"widget\" data-settings=\"{&quot;_animation&quot;:&quot;fadeInRight&quot;}\" data-widget_type=\"image.default\">\n\t\t\t\t<div class=\"elementor-widget-container\">\n\t\t\t\t\t\t\t\t\t\t\t\t\t\t\t<img decoding=\"async\" width=\"1092\" height=\"930\" src=\"https:\/\/guiamb.com\/wp-content\/uploads\/2024\/07\/somos-B-beatriu.jpg\" class=\"attachment-full size-full wp-image-236\" alt=\"\" srcset=\"https:\/\/guiamb.com\/wp-content\/uploads\/2024\/07\/somos-B-beatriu.jpg 1092w, https:\/\/guiamb.com\/wp-content\/uploads\/2024\/07\/somos-B-beatriu-300x255.jpg 300w, https:\/\/guiamb.com\/wp-content\/uploads\/2024\/07\/somos-B-beatriu-1024x872.jpg 1024w, https:\/\/guiamb.com\/wp-content\/uploads\/2024\/07\/somos-B-beatriu-768x654.jpg 768w\" sizes=\"(max-width: 1092px) 100vw, 1092px\" \/>\t\t\t\t\t\t\t\t\t\t\t\t\t\t\t<\/div>\n\t\t\t\t<\/div>\n\t\t\t\t<\/div>\n\t\t\t\t\t<\/div>\n\t\t\t\t<\/div>\n\t\t<div class=\"elementor-element elementor-element-007b7c9 e-con-full e-flex e-con e-parent\" data-id=\"007b7c9\" data-element_type=\"container\">\n\t\t\t\t<div class=\"elementor-element elementor-element-a2df9d5 elementor-hidden-mobile elementor-widget elementor-widget-image\" data-id=\"a2df9d5\" data-element_type=\"widget\" data-widget_type=\"image.default\">\n\t\t\t\t<div class=\"elementor-widget-container\">\n\t\t\t\t\t\t\t\t\t\t\t\t\t\t\t<img loading=\"lazy\" decoding=\"async\" width=\"1536\" height=\"682\" src=\"https:\/\/guiamb.com\/wp-content\/uploads\/2024\/10\/nosotros-banner-1536x682-val.jpg\" class=\"attachment-full size-full wp-image-742\" alt=\"\" srcset=\"https:\/\/guiamb.com\/wp-content\/uploads\/2024\/10\/nosotros-banner-1536x682-val.jpg 1536w, https:\/\/guiamb.com\/wp-content\/uploads\/2024\/10\/nosotros-banner-1536x682-val-300x133.jpg 300w, https:\/\/guiamb.com\/wp-content\/uploads\/2024\/10\/nosotros-banner-1536x682-val-1024x455.jpg 1024w, https:\/\/guiamb.com\/wp-content\/uploads\/2024\/10\/nosotros-banner-1536x682-val-768x341.jpg 768w\" sizes=\"(max-width: 1536px) 100vw, 1536px\" \/>\t\t\t\t\t\t\t\t\t\t\t\t\t\t\t<\/div>\n\t\t\t\t<\/div>\n\t\t\t\t<div class=\"elementor-element elementor-element-22910cb elementor-hidden-desktop elementor-hidden-tablet elementor-widget elementor-widget-image\" data-id=\"22910cb\" data-element_type=\"widget\" data-widget_type=\"image.default\">\n\t\t\t\t<div class=\"elementor-widget-container\">\n\t\t\t\t\t\t\t\t\t\t\t\t\t\t\t<img loading=\"lazy\" decoding=\"async\" width=\"1500\" height=\"957\" src=\"https:\/\/guiamb.com\/wp-content\/uploads\/2024\/10\/somos-banner-movil-val.jpg\" class=\"attachment-full size-full wp-image-714\" alt=\"\" srcset=\"https:\/\/guiamb.com\/wp-content\/uploads\/2024\/10\/somos-banner-movil-val.jpg 1500w, https:\/\/guiamb.com\/wp-content\/uploads\/2024\/10\/somos-banner-movil-val-300x191.jpg 300w, https:\/\/guiamb.com\/wp-content\/uploads\/2024\/10\/somos-banner-movil-val-1024x653.jpg 1024w, https:\/\/guiamb.com\/wp-content\/uploads\/2024\/10\/somos-banner-movil-val-768x490.jpg 768w\" sizes=\"(max-width: 1500px) 100vw, 1500px\" \/>\t\t\t\t\t\t\t\t\t\t\t\t\t\t\t<\/div>\n\t\t\t\t<\/div>\n\t\t\t\t<\/div>\n\t\t\t\t<\/div>\n\t\t","protected":false},"excerpt":{"rendered":"<p>Qu\u00e8 \u00e9s GUIA&#8217;MB? La G representa la nostra marca, Guia\u2019MB en el seu conjunt.Som una empresa creada en 2024 l\u2019objectiu principal de la qual \u00e9s oferir serveisprofessionals de gesti\u00f3 cultural. Qu\u00e8 \u00e9s la M? Manuel \u00e9s titulat en Musicologia i especialista en Gesti\u00f3 Cultural. Completa elM\u00e0ster en Gesti\u00f3 i Lideratge de Projectes Culturals (2021) a [&hellip;]<\/p>\n","protected":false},"author":1,"featured_media":0,"parent":0,"menu_order":2,"comment_status":"closed","ping_status":"closed","template":"","meta":{"_acf_changed":false,"footnotes":""},"class_list":["post-564","page","type-page","status-publish","hentry"],"acf":[],"_links":{"self":[{"href":"https:\/\/guiamb.com\/ca\/wp-json\/wp\/v2\/pages\/564","targetHints":{"allow":["GET"]}}],"collection":[{"href":"https:\/\/guiamb.com\/ca\/wp-json\/wp\/v2\/pages"}],"about":[{"href":"https:\/\/guiamb.com\/ca\/wp-json\/wp\/v2\/types\/page"}],"author":[{"embeddable":true,"href":"https:\/\/guiamb.com\/ca\/wp-json\/wp\/v2\/users\/1"}],"replies":[{"embeddable":true,"href":"https:\/\/guiamb.com\/ca\/wp-json\/wp\/v2\/comments?post=564"}],"version-history":[{"count":8,"href":"https:\/\/guiamb.com\/ca\/wp-json\/wp\/v2\/pages\/564\/revisions"}],"predecessor-version":[{"id":764,"href":"https:\/\/guiamb.com\/ca\/wp-json\/wp\/v2\/pages\/564\/revisions\/764"}],"wp:attachment":[{"href":"https:\/\/guiamb.com\/ca\/wp-json\/wp\/v2\/media?parent=564"}],"curies":[{"name":"wp","href":"https:\/\/api.w.org\/{rel}","templated":true}]}}